{"id":29,"date":"2022-11-17T17:03:47","date_gmt":"2022-11-17T17:03:47","guid":{"rendered":"https:\/\/dev.umfst.ro\/facultatea-de-medicina-dentara\/?page_id=29"},"modified":"2024-09-12T10:13:30","modified_gmt":"2024-09-12T10:13:30","slug":"histoire-de-la-faculte","status":"publish","type":"page","link":"https:\/\/umfst.ro\/facultatea-de-medicina-dentara\/fr\/prezentare\/istoricul-facultatii\/","title":{"rendered":"Histoire de la facult\u00e9"},"content":{"rendered":"<div data-elementor-type=\"wp-post\" data-elementor-id=\"29\" class=\"elementor elementor-29\" data-elementor-post-type=\"page\">\n\t\t\t\t\t\t<section class=\"elementor-section elementor-top-section elementor-element elementor-element-6e84462 elementor-section-boxed elementor-section-height-default elementor-section-height-default\" data-id=\"6e84462\" data-element_type=\"section\" data-e-type=\"section\">\n\t\t\t\t\t\t<div class=\"elementor-container elementor-column-gap-default\">\n\t\t\t\t\t<div class=\"elementor-column elementor-col-100 elementor-top-column elementor-element elementor-element-2b32221\" data-id=\"2b32221\" data-element_type=\"column\" data-e-type=\"column\">\n\t\t\t<div class=\"elementor-widget-wrap\">\n\t\t\t\t\t\t\t<\/div>\n\t\t<\/div>\n\t\t\t\t\t<\/div>\n\t\t<\/section>\n\t\t\t\t<section class=\"elementor-section elementor-top-section elementor-element elementor-element-7a1fe87 elementor-section-boxed elementor-section-height-default elementor-section-height-default\" data-id=\"7a1fe87\" data-element_type=\"section\" data-e-type=\"section\">\n\t\t\t\t\t\t<div class=\"elementor-container elementor-column-gap-default\">\n\t\t\t\t\t<div class=\"elementor-column elementor-col-100 elementor-top-column elementor-element elementor-element-4c9dae9\" data-id=\"4c9dae9\" data-element_type=\"column\" data-e-type=\"column\">\n\t\t\t<div class=\"elementor-widget-wrap elementor-element-populated\">\n\t\t\t\t\t\t<div class=\"elementor-element elementor-element-40db56d elementor-widget elementor-widget-text-editor\" data-id=\"40db56d\" data-element_type=\"widget\" data-e-type=\"widget\" data-widget_type=\"text-editor.default\">\n\t\t\t\t<div class=\"elementor-widget-container\">\n\t\t\t\t\t\t\t\t\t<div class=\"ce-bodytext\"><p>Les d\u00e9buts de l\u2019enseignement stomatologique \u00e0 Targu Mures remontent \u00e0 l\u2019automne 1945, lorsque l\u2019Universit\u00e9 des Sciences Bolyai de langue hongroise transf\u00e8re sa facult\u00e9 de m\u00e9decine de Cluj \u00e0 Targu Mures.<\/p><p>Pendant la p\u00e9riode 1945\u20131948, l\u2019enseignement stomatologique \u00e9tait dispens\u00e9 sous forme de sp\u00e9cialisation au sein de la Facult\u00e9 de M\u00e9decine G\u00e9n\u00e9rale. La Clinique de Stomatologie \u00e9tait dirig\u00e9e par le professeur universitaire docteur Csogor Lajos, \u00e9galement recteur de l\u2019Universit\u00e9 Bolyai jusqu\u2019en 1949. Durant cette p\u00e9riode, les actes administratifs relatifs \u00e0 l\u2019enseignement stomatologique \u00e9taient sign\u00e9s par Feszt Gyorgy en tant que doyen de la Facult\u00e9 de M\u00e9decine, puis entre 1949 et 1950 par le professeur universitaire docteur S\u0103b\u0103deanu Vasile, doyen de la Facult\u00e9 de Sant\u00e9 Publique.<\/p><p>Le 3 ao\u00fbt 1948, la r\u00e9forme de l\u2019enseignement qui r\u00e9organise l\u2019enseignement stomatologique au sein des instituts de m\u00e9decine et de pharmacie constitue une \u00e9tape importante dans l\u2019\u00e9volution de l\u2019\u00e9cole stomatologique de T\u00e2rgu Mure\u0219. Par le d\u00e9cret n\u00b0 175 du 25 octobre 1948 du Minist\u00e8re de l\u2019\u00c9ducation, sign\u00e9 par Gh. Vasilichi, ministre de l\u2019\u00e9poque, des facult\u00e9s de stomatologie sont cr\u00e9\u00e9es comme sections des instituts de m\u00e9decine et de pharmacie dans cinq centres du pays : Bucarest, Cluj, Ia\u0219i, Timisoara et Targu Mures, connues apr\u00e8s 1989 comme les \u00ab facult\u00e9s traditionnelles \u00bb. En 1950\u20131951, Gundisch Mihaly appara\u00eet comme doyen de l\u2019enseignement stomatologique. Le 25 septembre 1951 est \u00e9mise la \u00ab D\u00e9cision du Ministre de la Sant\u00e9 concernant la reprofilation des facult\u00e9s des instituts de m\u00e9decine et de pharmacie de la RPR \u00bb, selon laquelle seules deux facult\u00e9s de stomatologie demeurent dans le pays, \u00e0 Cluj et \u00e0 Bucarest. Les \u00e9tudiants de Targu Mures sont transf\u00e9r\u00e9s \u00e0 Cluj et, pour cette raison, aucun dipl\u00f4m\u00e9 en stomatologie n\u2019est enregistr\u00e9 \u00e0 Targu Mures jusqu\u2019en 1965.<\/p><p>La reprise de l\u2019enseignement m\u00e9dical stomatologique \u00e0 Targu Mures est li\u00e9e \u00e0 l\u2019ann\u00e9e 1960, lorsqu\u2019il r\u00e9appara\u00eet comme section de l\u2019Institut de M\u00e9decine et de Pharmacie de Targu Mures.<\/p><p>Cette \u00e9tape marque le d\u00e9but de la pr\u00e9sence d\u2019enseignants universitaires pour l\u2019enseignement en langue roumaine, l\u2019enseignement en roumain ayant commenc\u00e9 en 1962. Les professeurs Csogor Lajos et Guzner Miklos (fondateur de la Clinique de Proth\u00e8se Dentaire de Targu Mures en 1949), \u00e0 la suite de consultations avec le recteur de l\u2019institut d\u2019alors, d\u00e9cident de recruter parmi les meilleurs jeunes dipl\u00f4m\u00e9s de Cluj plusieurs assistants pour les quatre sous-unit\u00e9s cliniques de la section. Ainsi, au noyau initial compos\u00e9 de quatre enseignants (dont le professeur Bocskay Istvan) et d\u2019un m\u00e9decin du r\u00e9seau, s\u2019ajoutent en 1961 : Cristea Nicolae, Cristoloveanu Radu, Monea Alexandru, Sculean Anton et V\u0103meanu Radu. L\u2019ann\u00e9e suivante, la liste est compl\u00e9t\u00e9e par de nouveaux enseignants qui contribueront de mani\u00e8re d\u00e9cisive, au cours des ann\u00e9es et des d\u00e9cennies suivantes, au d\u00e9veloppement et \u00e0 la reconnaissance nationale et internationale de l\u2019\u00e9cole stomatologique de Targu Mures: Ieremia Lucian (1962), Mocanu Venera (1962), B\u0103r\u0103scu Liviu (1964), Cleante Elena (1964), Maftei Ioan (1964), Roman Ileana (1966) et bien d\u2019autres.<\/p><p>Ces enseignants, ainsi que nombre de ceux qui ont exerc\u00e9 dans les ann\u00e9es suivantes, ont pos\u00e9 les bases de l\u2019actuelle Facult\u00e9 de M\u00e9decine Dentaire gr\u00e2ce \u00e0 leur activit\u00e9 remarquable sur les plans didactique et scientifique. Les professeurs Csogor Lajos (de nouveau recteur entre 1964 et 1967), Guzner Miklos et Cristoloveanu Radu ont introduit, entre 1960 et 1970, la fluoration de l\u2019eau potable \u00e0 Targu Mures, d\u00e9marche qui a conduit \u00e0 une r\u00e9duction de 30 % de l\u2019incidence des caries dentaires chez les \u00e9coliers.<\/p><p>\u00c0 partir de 1965, il est question d\u2019une entit\u00e9 organisationnelle autonome au sein de l\u2019IMPh, la Facult\u00e9 de Stomatologie. Durant cette p\u00e9riode, le corps enseignant de la facult\u00e9 s\u2019est structur\u00e9 autour de personnalit\u00e9s reconnues de l\u2019enseignement stomatologique de Targu Mures : les professeurs Bocskay Istvan, Monea Alexandru, Ieremia Lucian et Cristoloveanu Radu.<\/p><p>L\u2019activit\u00e9 p\u00e9dagogique remarquable de ces ma\u00eetres a form\u00e9 des dizaines de g\u00e9n\u00e9rations de m\u00e9decins, tandis que l'activit\u00e9 scientifique men\u00e9e par les \u00e9quipes des disciplines a \u00e9t\u00e9 remarquable. \u00c0 la suite de la p\u00e9riode d'\u00e9tudes effectu\u00e9e \u00e0 Vienne entre 1970 et 1972, le professeur Cristoloveanu Radu a \u00e9t\u00e9 celui qui a promu la th\u00e9rapie orthodontique fonctionnelle dans notre pays et a introduit pour la premi\u00e8re fois en Roumanie l'activateur Andresen-Haupl-Petrik. Des r\u00e9alisations remarquables ont \u00e9galement \u00e9t\u00e9 enregistr\u00e9es durant cette p\u00e9riode dans les autres disciplines, les axes de recherche incluant des aspects de pathologie orale, des probl\u00e8mes d'histologie dentaire et d'histochimie des inflammations pulpaires, la recherche des modifications morphologiques et fonctionnelles dans l'inflammation pulpaire, l'\u00e9tude de la structure de la microcirculation parodontale (Odontologie et Parodontologie), l'introduction de techniques sp\u00e9ciales de proth\u00e8se totale, la promotion des principes (d'actualit\u00e9 \u00e0 cette \u00e9poque) de l'occlusion fonctionnelle et de la dysfonction occlusale (Prop\u00e9deutique stomatologique, Proth\u00e8se dentaire), ainsi que l'orientation vers les proc\u00e9d\u00e9s chirurgicaux de traitement des fentes labio-maxillo-palatines et des affections tumorales maxillo-faciales (Chirurgie bucco-maxillo-faciale).<br \/>Au cours de cette p\u00e9riode, la Facult\u00e9 a eu \u00e0 la t\u00eate de ses conseils professoraux les doyens suivants :<\/p><p><strong>Ujvari Imre<\/strong> (1965 \u2013 1972) <br \/><strong>Bocskay Istvan<\/strong> (1972 \u2013 1973) <br \/><strong>Cristoloveanu Radu<\/strong> (1973 \u2013 1976) <br \/><strong>Fodor Francisc<\/strong> (1976 \u2013 1984) <br \/><strong>Bocskay Istvan<\/strong> (1984 \u2013 1986 ) <br \/><strong>Bocskay\u00a0 Istvan<\/strong> (1986 \u2013 1988) *<em>en qualit\u00e9 de vice-doyen de la Facult\u00e9 de M\u00e9decine G\u00e9n\u00e9rale<\/em><br \/><strong>Bocskay Istvan<\/strong> (1989 \u2013 1990)<\/p><p>L'ann\u00e9e 1990 marque une nouvelle \u00e9poque dans l'\u00e9volution de l'enseignement odontologique \u00e0 Targu Mures. Au cours de la d\u00e9cennie 1990\u20132000, la facult\u00e9 a \u00e9t\u00e9 dirig\u00e9e en qualit\u00e9 de doyen par le professeur Alexandru Monea. Il s'agit d'une p\u00e9riode de renouvellement de la facult\u00e9, durant laquelle apparaissent les premiers directeurs de th\u00e8se de doctorat (les professeurs Monea, Bocskay et Ieremia), ce qui acc\u00e9l\u00e8re le processus de recrutement et de promotion de nouveaux enseignants au sein de la facult\u00e9, l\u2019arriv\u00e9e de jeunes enseignants apr\u00e8s 1990 contribuant \u00e0 la consolidation et au d\u00e9veloppement des disciplines d'enseignement. C'est \u00e9galement la p\u00e9riode de l'ouverture nationale et internationale de la facult\u00e9. La modernisation et l\u2019harmonisation nationale du curriculum commencent alors, avec l'introduction de nouvelles disciplines, \u00e9volution favoris\u00e9e \u00e9galement par la cr\u00e9ation du Consortium des doyens des facult\u00e9s traditionnelles d'odontologie. L'ann\u00e9e 1991 marque la r\u00e9introduction du programme d'\u00e9tudes d'une dur\u00e9e de six ans (en 1996, seuls les \u00e9tudiants du Coll\u00e8ge universitaire m\u00e9dical de Technique dentaire ont \u00e9t\u00e9 dipl\u00f4m\u00e9s). \u00c0 partir de l'ann\u00e9e universitaire 1995\u20131996, les possibilit\u00e9s d'introduction de l'orthodontie fixe dans le programme de sp\u00e9cialit\u00e9 de la facult\u00e9 ont \u00e9t\u00e9 ouvertes (professeure Mariana P\u0103curar).<\/p><p>L'ann\u00e9e 1993 marque le d\u00e9but de l'enseignement de courte dur\u00e9e au sein de la facult\u00e9, par l'introduction, dans les programmes d'\u00e9tudes, du Coll\u00e8ge universitaire m\u00e9dical de technique dentaire, actuellement programme de licence de courte dur\u00e9e, d\u00e9marche qui s'est r\u00e9v\u00e9l\u00e9e \u00eatre un v\u00e9ritable succ\u00e8s de notre facult\u00e9.<\/p><p>Les ann\u00e9es 2000\u20132008 ont \u00e9t\u00e9 marqu\u00e9es par les efforts d'affirmation nationale et internationale de la facult\u00e9. Au cours de la p\u00e9riode 2001\u20132006, les \u00e9ditions successives de la manifestation scientifique \u00ab Journ\u00e9es stomatologiques de Mures \u00bb ont \u00e9t\u00e9 organis\u00e9es, attirant chaque ann\u00e9e des personnalit\u00e9s prestigieuses de la communaut\u00e9 acad\u00e9mique nationale et internationale. C'est \u00e9galement la p\u00e9riode o\u00f9, \u00e0 la suite des travaux de la commission TAIEX entre 2002 et 2004, auxquels a particip\u00e9 le doyen de la facult\u00e9 de l'\u00e9poque, ont \u00e9t\u00e9 pos\u00e9es les bases de l'int\u00e9gration de l'enseignement de la m\u00e9decine dentaire de notre pays dans l'espace europ\u00e9en. Le principal d\u00e9fi de cette p\u00e9riode a toutefois \u00e9t\u00e9 la modernisation de la base mat\u00e9rielle de la facult\u00e9. \u00c0 cette fin, gr\u00e2ce au projet \u00ab Laboratoire didactique interdisciplinaire de M\u00e9decine dentaire \u00bb (enregistr\u00e9 sous le n\u00b0 7056\/31.07.2006), projet destin\u00e9 \u00e0 regrouper dans un m\u00eame lieu les disciplines de m\u00e9decine dentaire, la construction du si\u00e8ge actuel de la facult\u00e9, sous la d\u00e9nomination de Centre int\u00e9gr\u00e9 de M\u00e9decine dentaire, ainsi que son \u00e9quipement en mat\u00e9riel moderne, a \u00e9t\u00e9 lanc\u00e9e en 2007.<\/p><p>Au cours des quatre ann\u00e9es suivantes, la r\u00e9alisation de ce centre a \u00e9t\u00e9 achev\u00e9e (mis en service en 2010) et les efforts de modernisation de la base mat\u00e9rielle destin\u00e9e \u00e0 l'enseignement universitaire et postuniversitaire se sont poursuivis. Parall\u00e8lement, gr\u00e2ce aux efforts des enseignants de la discipline de Chirurgie oro-maxillo-faciale (professeur Kovacs Dezso, ma\u00eetre de conf\u00e9rences Petrovan Cecilia), la clinique a pu \u00eatre relocalis\u00e9e dans son si\u00e8ge actuel, r\u00e9nov\u00e9, r\u00e9am\u00e9nag\u00e9 et modernis\u00e9.<\/p><p>La promotion des enseignants n\u00e9cessaires au d\u00e9roulement de l'activit\u00e9 p\u00e9dagogique a constitu\u00e9 un objectif central durant la p\u00e9riode 2012\u20132016, de m\u00eame que la diversification de l'offre de formation (nouveaux cours, master) et la r\u00e9organisation des disciplines et des activit\u00e9s p\u00e9dagogiques.<br \/>Au cours des derni\u00e8res ann\u00e9es, le processus de r\u00e9forme curriculaire, mis en \u0153uvre au niveau institutionnel, a \u00e9galement concern\u00e9 la Facult\u00e9 de M\u00e9decine Dentaire. Depuis 2012 et jusqu'\u00e0 pr\u00e9sent, l'activit\u00e9 scientifique des disciplines a \u00e9t\u00e9 remarquable, gr\u00e2ce \u00e0 l'implication dans des projets, \u00e0 la participation \u00e0 des manifestations scientifiques, \u00e0 l'\u00e9laboration de th\u00e8ses de doctorat, \u00e0 la soutenance de th\u00e8ses d'habilitation, \u00e0 l'\u00e9mergence de nouveaux directeurs de th\u00e8se de doctorat et \u00e0 la publication d'articles de valeur contribuant \u00e0 la diffusion des r\u00e9sultats.<\/p><p>Apr\u00e8s l\u2019an 2000, les conseils professoraux de la facult\u00e9 ont \u00e9t\u00e9 dirig\u00e9s par les doyens suivants :<\/p><p><strong>Pop\u0219or Sorin<\/strong> (2000 \u2013 2008) <br \/><strong>Suciu Mircea<\/strong> (2008 \u2013 2012) <br \/><strong>P\u0103curar Mariana<\/strong> (2012\u00a0\u2013 2016) <br \/><strong>Bica Cristina<\/strong> (2016\u00a0\u2013 )<\/p><p>Il convient \u00e9galement de mentionner les personnes ayant travaill\u00e9 au secr\u00e9tariat du d\u00e9canat de la facult\u00e9 depuis 1960 et qui ont contribu\u00e9 au d\u00e9veloppement de l\u2019enseignement de la m\u00e9decine dentaire \u00e0 T\u00e2rgu Mure\u0219 : Baba Viorica, Mu\u0219at Leontina, Negoi\u021b\u0103 Elena, S\u0103ulean Victoria, Pop Gabriela, Conchi Maria, Bologa Cornelia, \u0218uteu Ana et Zehan Mihaela.<\/p><p><strong>R\u00e9f\u00e9rences bibliographiques<\/strong><br \/>*** Institut de M\u00e9decine et de Pharmacie de Targu Mures, 1945\u20131967, Institut de M\u00e9decine et de Pharmacie de Targu Mures, 1967, p. 120\u2013126, 234\u2013235.<br \/>Ieremia L. \u2013 <em>Signification du quaranti\u00e8me anniversaire de l'enseignement sup\u00e9rieur stomatologique \u00e0 Targu Mures<\/em>, Stomatologia Mure\u0219ean\u0103, 2001; 1:5 &#8211; 6.<br \/>Peter Mihaly \u2013 <em>Az Erdely Fogorvoslas Tortenetebol<\/em> <em>(De l'histoire de la m\u00e9decine dentaire en Transylvanie)<\/em>, \u00c9ditions Mentor, Targu Mures, 2006<br \/>Ana Todea, Fulop Maria,Monica Avram \u2013 <em>Hommes de science de Mures \u2013 dictionnaire bibliographique,<\/em> Conseil d\u00e9partemental de Mures, Biblioth\u00e8que d\u00e9partementale de Mures, Targu Mures, 2004.<\/p><p>\u00a0<\/p><p><strong>\u00a0<\/strong><\/p><p class=\"text-justify\"><img fetchpriority=\"high\" decoding=\"async\" class=\"image-embed-item\" src=\"https:\/\/arhiva.umfst.ro\/fileadmin\/_processed_\/4\/1\/csm_istoric_1_md_e6b556bb3b.png\" alt=\"\" width=\"475\" height=\"715\" \/><\/p><p class=\"text-justify\"><img decoding=\"async\" class=\"image-embed-item\" src=\"https:\/\/arhiva.umfst.ro\/fileadmin\/_processed_\/1\/c\/csm_istoric_2_md_60d3549d06.png\" alt=\"\" width=\"475\" height=\"499\" \/><\/p><\/div>\t\t\t\t\t\t\t\t<\/div>\n\t\t\t\t<\/div>\n\t\t\t\t\t<\/div>\n\t\t<\/div>\n\t\t\t\t\t<\/div>\n\t\t<\/section>\n\t\t\t\t<\/div>","protected":false},"excerpt":{"rendered":"<p>\u00cenceputurile \u00eenv\u0103\u021b\u0103m\u00e2ntului stomatologic la T\u00e2rgu Mure\u0219 \u00eel reg\u0103sim \u00een toamna anului 1945, c\u00e2nd Universitatea de \u0218tiin\u021be Bolyai \u00een limba maghiar\u0103 \u00ee\u0219i mut\u0103 facultatea de medicin\u0103 de la Cluj la T\u00e2rgu Mure\u0219. \u00cen perioada 1945 \u2013 1948 activitatea de \u00eenv\u0103\u021b\u0103m\u00e2nt stomatologic s-a desf\u0103\u0219urat ca specializare \u00een cadrul Facult\u0103\u021bii de Medicin\u0103 General\u0103. Clinica de Stomatologie \u00eel avea [&hellip;]<\/p>\n","protected":false},"author":4,"featured_media":0,"parent":19,"menu_order":2,"comment_status":"closed","ping_status":"closed","template":"","meta":{"_relevanssi_hide_post":"","_relevanssi_hide_content":"","_relevanssi_pin_for_all":"","_relevanssi_pin_keywords":"","_relevanssi_unpin_keywords":"","_relevanssi_related_keywords":"","_relevanssi_related_include_ids":"","_relevanssi_related_exclude_ids":"","_relevanssi_related_no_append":"","_relevanssi_related_not_related":"","_relevanssi_related_posts":"1","_relevanssi_noindex_reason":"","footnotes":""},"categories":[13],"tags":[],"class_list":["post-29","page","type-page","status-publish","hentry","category-pagina-cu-sidebar"],"meta_box":[],"_links":{"self":[{"href":"https:\/\/umfst.ro\/facultatea-de-medicina-dentara\/fr\/wp-json\/wp\/v2\/pages\/29","targetHints":{"allow":["GET"]}}],"collection":[{"href":"https:\/\/umfst.ro\/facultatea-de-medicina-dentara\/fr\/wp-json\/wp\/v2\/pages"}],"about":[{"href":"https:\/\/umfst.ro\/facultatea-de-medicina-dentara\/fr\/wp-json\/wp\/v2\/types\/page"}],"author":[{"embeddable":true,"href":"https:\/\/umfst.ro\/facultatea-de-medicina-dentara\/fr\/wp-json\/wp\/v2\/users\/4"}],"replies":[{"embeddable":true,"href":"https:\/\/umfst.ro\/facultatea-de-medicina-dentara\/fr\/wp-json\/wp\/v2\/comments?post=29"}],"version-history":[{"count":0,"href":"https:\/\/umfst.ro\/facultatea-de-medicina-dentara\/fr\/wp-json\/wp\/v2\/pages\/29\/revisions"}],"up":[{"embeddable":true,"href":"https:\/\/umfst.ro\/facultatea-de-medicina-dentara\/fr\/wp-json\/wp\/v2\/pages\/19"}],"wp:attachment":[{"href":"https:\/\/umfst.ro\/facultatea-de-medicina-dentara\/fr\/wp-json\/wp\/v2\/media?parent=29"}],"wp:term":[{"taxonomy":"category","embeddable":true,"href":"https:\/\/umfst.ro\/facultatea-de-medicina-dentara\/fr\/wp-json\/wp\/v2\/categories?post=29"},{"taxonomy":"post_tag","embeddable":true,"href":"https:\/\/umfst.ro\/facultatea-de-medicina-dentara\/fr\/wp-json\/wp\/v2\/tags?post=29"}],"curies":[{"name":"wp","href":"https:\/\/api.w.org\/{rel}","templated":true}]}}