{"id":51196,"date":"2026-09-03T13:00:32","date_gmt":"2026-09-03T10:00:32","guid":{"rendered":"https:\/\/umfst.ro\/?post_type=proiect-european&#038;p=51196"},"modified":"2026-09-03T13:06:54","modified_gmt":"2026-09-03T10:06:54","slug":"cresterea-eficientei-energetice-a-cladirii-umfst-tower","status":"publish","type":"proiect-european","link":"https:\/\/umfst.ro\/hu\/universitate\/departament-proiecte-europene\/proiect-european\/cresterea-eficientei-energetice-a-cladirii-umfst-tower\/","title":{"rendered":"Cresterea eficientei energetice a cladirii UMFST Tower"},"content":{"rendered":"<div class=\"wp-block-columns is-layout-flex wp-container-core-columns-is-layout-7387b849 wp-block-columns-is-layout-flex\">\n<div class=\"wp-block-column is-vertically-aligned-top is-layout-flow wp-block-column-is-layout-flow\" style=\"flex-basis:40%\">\n<figure class=\"wp-block-image aligncenter size-full\"><img fetchpriority=\"high\" decoding=\"async\" width=\"1920\" height=\"402\" src=\"https:\/\/umfst.ro\/wp-content\/uploads\/2025\/02\/Cofinantat_de_UE.png\" alt=\"\" class=\"wp-image-37284\" srcset=\"https:\/\/umfst.ro\/wp-content\/uploads\/2025\/02\/Cofinantat_de_UE.png 1920w, https:\/\/umfst.ro\/wp-content\/uploads\/2025\/02\/Cofinantat_de_UE-300x63.png 300w, https:\/\/umfst.ro\/wp-content\/uploads\/2025\/02\/Cofinantat_de_UE-1024x214.png 1024w, https:\/\/umfst.ro\/wp-content\/uploads\/2025\/02\/Cofinantat_de_UE-768x161.png 768w, https:\/\/umfst.ro\/wp-content\/uploads\/2025\/02\/Cofinantat_de_UE-1536x322.png 1536w, https:\/\/umfst.ro\/wp-content\/uploads\/2025\/02\/Cofinantat_de_UE-18x4.png 18w\" sizes=\"(max-width: 1920px) 100vw, 1920px\" \/><\/figure>\n<\/div>\n\n\n\n<div class=\"wp-block-column is-vertically-aligned-center is-layout-flow wp-block-column-is-layout-flow\">\n<figure class=\"wp-block-image aligncenter size-full\"><img decoding=\"async\" width=\"79\" height=\"79\" src=\"https:\/\/umfst.ro\/wp-content\/uploads\/2025\/10\/guvern.jpg\" alt=\"\" class=\"wp-image-44098\" srcset=\"https:\/\/umfst.ro\/wp-content\/uploads\/2025\/10\/guvern.jpg 79w, https:\/\/umfst.ro\/wp-content\/uploads\/2025\/10\/guvern-12x12.jpg 12w\" sizes=\"(max-width: 79px) 100vw, 79px\" \/><\/figure>\n<\/div>\n\n\n\n<div class=\"wp-block-column is-vertically-aligned-top has-custom-css is-layout-flow wp-block-column-is-layout-flow wp-custom-css-6bd58b87\" style=\"flex-basis:35%\">\n<figure class=\"wp-block-image aligncenter size-full\"><img decoding=\"async\" width=\"1920\" height=\"559\" src=\"https:\/\/umfst.ro\/wp-content\/uploads\/2025\/02\/regio.png\" alt=\"\" class=\"wp-image-37286\" srcset=\"https:\/\/umfst.ro\/wp-content\/uploads\/2025\/02\/regio.png 1920w, https:\/\/umfst.ro\/wp-content\/uploads\/2025\/02\/regio-300x87.png 300w, https:\/\/umfst.ro\/wp-content\/uploads\/2025\/02\/regio-1024x298.png 1024w, https:\/\/umfst.ro\/wp-content\/uploads\/2025\/02\/regio-768x224.png 768w, https:\/\/umfst.ro\/wp-content\/uploads\/2025\/02\/regio-1536x447.png 1536w, https:\/\/umfst.ro\/wp-content\/uploads\/2025\/02\/regio-18x5.png 18w\" sizes=\"(max-width: 1920px) 100vw, 1920px\" \/><\/figure>\n<\/div>\n<\/div>\n\n\n\n<figure class=\"wp-block-image aligncenter size-full is-resized\"><img loading=\"lazy\" decoding=\"async\" width=\"1439\" height=\"800\" src=\"https:\/\/umfst.ro\/wp-content\/uploads\/2026\/09\/Prezentare-proiect-Cresterea-eficientei-energetice-a-cladirii-UMFST-Tower.jpg\" alt=\"\" class=\"wp-image-51208\" style=\"aspect-ratio:1.7987633501967397;width:498px;height:auto\" srcset=\"https:\/\/umfst.ro\/wp-content\/uploads\/2026\/09\/Prezentare-proiect-Cresterea-eficientei-energetice-a-cladirii-UMFST-Tower.jpg 1439w, https:\/\/umfst.ro\/wp-content\/uploads\/2026\/09\/Prezentare-proiect-Cresterea-eficientei-energetice-a-cladirii-UMFST-Tower-766x426.jpg 766w, https:\/\/umfst.ro\/wp-content\/uploads\/2026\/09\/Prezentare-proiect-Cresterea-eficientei-energetice-a-cladirii-UMFST-Tower-300x167.jpg 300w, https:\/\/umfst.ro\/wp-content\/uploads\/2026\/09\/Prezentare-proiect-Cresterea-eficientei-energetice-a-cladirii-UMFST-Tower-18x10.jpg 18w, https:\/\/umfst.ro\/wp-content\/uploads\/2026\/09\/Prezentare-proiect-Cresterea-eficientei-energetice-a-cladirii-UMFST-Tower-1024x569.jpg 1024w\" sizes=\"(max-width: 1439px) 100vw, 1439px\" \/><\/figure>\n\n\n\n<h4 class=\"wp-block-heading\"><strong>Despre proiect<\/strong><\/h4>\n\n\n\n<figure class=\"wp-block-table\"><table class=\"has-fixed-layout\"><thead><tr><th><\/th><th><\/th><\/tr><\/thead><tbody><tr><td><strong>Titlu proiect<\/strong><\/td><td><strong>Cresterea eficientei energetice a cladirii UMFST Tower<\/strong><strong><\/strong><\/td><\/tr><tr><td>Programul<\/td><td>Programul Regional Centru 2021-2027<\/td><\/tr><tr><td>Titlu Apel<\/td><td>PRC\/41\/PRC_P3\/OP2\/RSO2.1\/PRC_A24 &#8211; Ac\u021biunea 3.2 \u2013 Eficien\u021b\u0103 energetic\u0103 \u00een cl\u0103diri publice<\/td><\/tr><tr><td>Contract de finan\u021bare<\/td><td>716\/08.05.2026<\/td><\/tr><tr><td>MySMIS<\/td><td>319008<\/td><\/tr><tr><td>Beneficiar<\/td><td><strong>UNIVERSITATEA DE MEDICIN\u0102, FARMACIE, \u0218TIIN\u021aE \u0218I<\/strong> <strong>TEHNOLOGIE \u201cGEORGE EMIL PALADE\u201d DIN T\u00c2RGU MURE\u0218<\/strong><\/td><\/tr><tr><td>Obiectivul general al proiectului<\/td><td>Obiectivul general al proiectului este, cresterea eficientei energetice a cladirii UMFST Tower, prin implementarea unor solutii de modernizarea si reabilitare energetica, care au drept scop reducerea consumurilor actuale de energie si emisiilor de gaze cu efect de sera, cre\u015fterea gradului de performanta si siguranta a cladirii prin utilizarea eficienta a resurselor de energie regenerabile.<\/td><\/tr><tr><td>Obiectivele specifice<\/td><td>OS 1: \u00cembun\u0103t\u0103\u021birea performan\u021bei energetice a cl\u0103dirii prin reabilitarea energetic\u0103 a 6196.00 mp din spa\u021biul cl\u0103dirii UMFST Tower. <br>OS 2: Cre\u0219terea eficien\u021bei energetice a cl\u0103dirii prin sc\u0103derea cu 85,14 % a consumului anual de energie primar\u0103 (mwh\/an).<br>OS 3: Cre\u0219terea eficien\u021bei energetice a cl\u0103dirii prin sc\u0103derea cu 85,14% a consumul anual specific de energie primar\u0103 final\u0103 pentru \u00eenc\u0103lzire (kWh\/m2 an) ob\u021binut\u0103 inclusiv din surse regenerabile (78,56% prin aplicarea indicatorului RER).<br>OS 4: Reducerea emisiilor de gaze cu efect de ser\u0103 cu 90,62% (kg CO2\/m2,an) \u00een cl\u0103direa UMFST Tower.<br>OS 5: Int\u0103rirea capacit\u0103\u021bii UMFST pentru eficientizare energetic\u0103 \u0219i reducere a emisiilor de GES, prin implementarea ac\u021biunilor de colaborare \u0219i de promovare a m\u0103surilor de<br>eficien\u021b\u0103 energetic\u0103 prin \u201ddeep renovation\u201d.<\/td><\/tr><tr><td>Rezultatele<\/td><td>R1: Consum anual de energie primar\u0103 (kWh\/m2, an): Valoare la \u00eenceputul implement\u0103rii proiectului: 729,25 kWh\/m2 Valoare la finalul implement\u0103rii proiectului: 108,33 kWh\/m2 <br>R2: Emisii de gaze cu efect de ser\u0103 estimate (kgCO2\/m2, an): Valoare la \u00eenceputul implement\u0103rii proiectului: 131,2 kgCO2\/m2, Valoare la finalul implement\u0103rii proiectului: 12,3 kgCO2\/m2, <br>R3: Consumul anual specific de energie final\u0103 pentru \u00eenc\u0103lzire (kWh\/m2 an): Valoare la \u00eenceputul implement\u0103rii proiectului: 478.77 kWh\/m2 Valoare la finalul implement\u0103rii proiectului: 80.99 kWh\/m2 <br>R4: Suprafa\u021ba cl\u0103dire public\u0103 cu performan\u021b\u0103 energetic\u0103 \u00eembun\u0103t\u0103\u021bit\u0103 (m2): Valoare la \u00eenceputul implement\u0103rii proiectului: 4574 m2 Valoare la finalul implement\u0103rii proiectului: 4574 m2<\/td><\/tr><tr><td>Data de \u00eencepere<\/td><td>08.05.2026<\/td><\/tr><tr><td>Perioada de implementare<\/td><td>08.05.2026 &#8211; 07.05.2028<\/td><\/tr><tr><td>Valoarea total\u0103<\/td><td>64.902.595,49 lei<\/td><\/tr><tr><td>Valoare total\u0103 eligibil\u0103<\/td><td>34.208.412,48 lei<\/td><\/tr><tr><td>Valoare eligibil\u0103 nerambursabil\u0103<\/td><td>33.524.244,23 lei<\/td><\/tr><tr><td>Total finan\u021bare extern\u0103 nerambursabil\u0103<\/td><td>29.077.150,61 lei<\/td><\/tr><tr><td>Total finan\u021bare na\u021bional\u0103<\/td><td>4.447.093,62 lei<\/td><\/tr><\/tbody><\/table><\/figure>\n\n\n\n<p class=\"has-text-align-center wp-block-paragraph\">Pentru informa\u021bii detaliate despre celelalte programe cofinan\u021bate de Uniunea European\u0103, v\u0103 invit\u0103m s\u0103 vizita\u021bi <a href=\"http:\/\/www.fonduri-ue.ro\/\" target=\"_blank\" rel=\"noopener\">www.fonduri-ue.ro<\/a><\/p>","protected":false},"excerpt":{"rendered":"<p>Despre proiect Titlu proiect Cresterea eficientei energetice a cladirii UMFST Tower Programul Programul Regional Centru 2021-2027 Titlu Apel PRC\/41\/PRC_P3\/OP2\/RSO2.1\/PRC_A24 &#8211; Ac\u021biunea 3.2 \u2013 Eficien\u021b\u0103 energetic\u0103 \u00een cl\u0103diri publice Contract de finan\u021bare 716\/08.05.2026 MySMIS 319008 Beneficiar UNIVERSITATEA DE MEDICIN\u0102, FARMACIE, \u0218TIIN\u021aE \u0218I TEHNOLOGIE \u201cGEORGE EMIL PALADE\u201d DIN T\u00c2RGU MURE\u0218 Obiectivul general al proiectului Obiectivul general al [&hellip;]<\/p>\n","protected":false},"featured_media":0,"template":"","meta":{"_relevanssi_hide_post":"","_relevanssi_hide_content":"","_relevanssi_pin_for_all":"","_relevanssi_pin_keywords":"","_relevanssi_unpin_keywords":"","_relevanssi_related_keywords":"","_relevanssi_related_include_ids":"","_relevanssi_related_exclude_ids":"","_relevanssi_related_no_append":"","_relevanssi_related_not_related":"","_relevanssi_related_posts":"49622,35039,35858,43679,50788,19876","_relevanssi_noindex_reason":"","footnotes":""},"sursa-finantare":[271],"class_list":["post-51196","proiect-european","type-proiect-european","status-publish","hentry","sursa-finantare-prc-2021-2027"],"meta_box":{"domeniu":"Eficienta energetic\u0103 \u00een cl\u0103diri publice","valoare_proiect":"64.902.595,49 lei","director_de_proiect":"Sabin Bota","perioada_de_implementare":"08.05.2026 - 07.05.2028","website":""},"_links":{"self":[{"href":"https:\/\/umfst.ro\/hu\/wp-json\/wp\/v2\/proiect-european\/51196","targetHints":{"allow":["GET"]}}],"collection":[{"href":"https:\/\/umfst.ro\/hu\/wp-json\/wp\/v2\/proiect-european"}],"about":[{"href":"https:\/\/umfst.ro\/hu\/wp-json\/wp\/v2\/types\/proiect-european"}],"version-history":[{"count":17,"href":"https:\/\/umfst.ro\/hu\/wp-json\/wp\/v2\/proiect-european\/51196\/revisions"}],"predecessor-version":[{"id":51216,"href":"https:\/\/umfst.ro\/hu\/wp-json\/wp\/v2\/proiect-european\/51196\/revisions\/51216"}],"wp:attachment":[{"href":"https:\/\/umfst.ro\/hu\/wp-json\/wp\/v2\/media?parent=51196"}],"wp:term":[{"taxonomy":"sursa-finantare","embeddable":true,"href":"https:\/\/umfst.ro\/hu\/wp-json\/wp\/v2\/sursa-finantare?post=51196"}],"curies":[{"name":"wp","href":"https:\/\/api.w.org\/{rel}","templated":true}]}}