{"id":25,"date":"2022-11-20T16:38:53","date_gmt":"2022-11-20T16:38:53","guid":{"rendered":"https:\/\/dev.umfst.ro\/inginerie\/?page_id=25"},"modified":"2023-07-20T19:22:33","modified_gmt":"2023-07-20T19:22:33","slug":"a-propos-de-la-faculte","status":"publish","type":"page","link":"https:\/\/umfst.ro\/inginerie\/fr\/prezentare\/prezentarea-facultatii\/","title":{"rendered":"\u00c0 propos de la facult\u00e9"},"content":{"rendered":"<div data-elementor-type=\"wp-page\" data-elementor-id=\"25\" class=\"elementor elementor-25\" data-elementor-post-type=\"page\">\n\t\t\t\t\t\t<section class=\"elementor-section elementor-top-section elementor-element elementor-element-66524fbb elementor-section-boxed elementor-section-height-default elementor-section-height-default\" data-id=\"66524fbb\" data-element_type=\"section\" data-e-type=\"section\">\n\t\t\t\t\t\t<div class=\"elementor-container elementor-column-gap-default\">\n\t\t\t\t\t<div class=\"elementor-column elementor-col-100 elementor-top-column elementor-element elementor-element-3f4666e2\" data-id=\"3f4666e2\" data-element_type=\"column\" data-e-type=\"column\">\n\t\t\t<div class=\"elementor-widget-wrap elementor-element-populated\">\n\t\t\t\t\t\t<div class=\"elementor-element elementor-element-626f7a82 elementor-widget elementor-widget-text-editor\" data-id=\"626f7a82\" data-element_type=\"widget\" data-e-type=\"widget\" data-widget_type=\"text-editor.default\">\n\t\t\t\t<div class=\"elementor-widget-container\">\n\t\t\t\t\t\t\t\t\t\n<h2 class=\"wp-block-heading\">HISTOIRE, APER\u00c7U, PERSPECTIVES<\/h2>\n\n\n\n<p class=\"wp-block-paragraph\">La tradition de l\u2019enseignement technique sup\u00e9rieur \u00e0 Targu Mures remonte \u00e0 1976, lorsque l\u2019Institut d\u2019enseignement sup\u00e9rieur s\u2019est concentr\u00e9 sur la formation de sp\u00e9cialistes dans le domaine technique, dans trois sp\u00e9cialit\u00e9s. Plus tard, il est devenu une Universit\u00e9 Technique, fonctionnant avec quatre secteurs de sp\u00e9cialisations en g\u00e9nie m\u00e9canique et \u00e9lectrique. Avec cette structure, des g\u00e9n\u00e9rations de professeurs tr\u00e8s engag\u00e9s de notre universit\u00e9 ont d\u00e9velopp\u00e9 un syst\u00e8me institutionnel d\u2019enseignement sup\u00e9rieur diversifi\u00e9. Aujourd\u2019hui, les professeurs et \u00e9tudiants de la FACULT\u00c9 D\u2019ING\u00c9NIERIE ET DE TECHNOLOGIE DE L\u2019INFORMATION contribuent par leur travail et leur passion pour la technologie, apportant une valeur ajout\u00e9e \u00e0 l\u2019activit\u00e9 de l\u2019universit\u00e9 dans l\u2019espace spirituel et mat\u00e9riel de l\u2019enseignement acad\u00e9mique de Mures.<\/p>\n\n\n\n<p class=\"wp-block-paragraph\">La FACULT\u00c9 D\u2019ING\u00c9NIERIE ET DE TECHNOLOGIE DE L\u2019INFORMATION est strat\u00e9giquement orient\u00e9e vers le d\u00e9veloppement de programmes d\u2019enseignement et de recherche r\u00e9pondant aux besoins critiques de la profession, ainsi qu\u2019aux vastes besoins sociaux.<\/p>\n\n\n\n<p class=\"wp-block-paragraph\">La facult\u00e9 propose des dipl\u00f4mes de licence dans chacun des trois cycles d\u2019\u00e9tudes : licence, master et doctorat. Tous ces programmes sont accr\u00e9dit\u00e9s par l\u2019Agence roumaine d\u2019assurance de la qualit\u00e9 dans l\u2019enseignement sup\u00e9rieur (RAQAHE).<\/p>\n\n\n\n<p class=\"wp-block-paragraph\">Il existe une grande diversit\u00e9 de sp\u00e9cialisations : Automatique et informatique appliqu\u00e9e, Ing\u00e9nierie des syst\u00e8mes \u00e9lectriques, Ing\u00e9nierie m\u00e9dicale, Informatique, Technologie de construction de machines et Ing\u00e9nierie \u00e9conomique-industrielle. Le caract\u00e8re multiculturel de l\u2019universit\u00e9 et les exigences du march\u00e9 du travail ont facilit\u00e9 l\u2019introduction de cours d\u2019informatique en langue hongroise. L\u2019offre de programmes en langues \u00e9trang\u00e8res sera encore \u00e9largie.<\/p>\n\n\n\n<p class=\"wp-block-paragraph\">Les dipl\u00f4m\u00e9s des \u00e9tudes de licence ont la possibilit\u00e9 de poursuivre leur formation professionnelle \u00e0 travers des programmes de master accr\u00e9dit\u00e9s par la RAQAHE, dans chaque programme de licence de la facult\u00e9.<\/p>\n\n\n\n<p class=\"wp-block-paragraph\">La FACULT\u00c9 D\u2019ING\u00c9NIERIE ET DE TECHNOLOGIE DE L\u2019INFORMATION comprend une \u00c9cole doctorale pr\u00e9parant des doctorants dans deux domaines scientifiques : Ing\u00e9nierie-management et Informatique.<\/p>\n\n\n\n<p class=\"wp-block-paragraph translation-block\">Les programmes d\u2019\u00e9tudes sont inclus dans la <a href=\"https:\/\/feani.org\/european-engineering-education-database\/eeed-database\" target=\"_blank\" rel=\"noreferrer noopener\">\u00ab European Engineering Education Database \u00bb<\/a> et figurent dans le classement europ\u00e9en des ing\u00e9nieries <a href=\"http:\/\/engirank.eu\/\" target=\"_blank\" rel=\"noreferrer noopener\">EngiRank<\/a>.<\/p>\n\n\n\n<p class=\"wp-block-paragraph\">La vision de d\u00e9veloppement de la FACULT\u00c9 D\u2019ING\u00c9NIERIE ET DE TECHNOLOGIE DE L\u2019INFORMATION est d\u2019atteindre une position de leader dans la hi\u00e9rarchie des facult\u00e9s techniques au niveau national.<\/p>\n\n\n\n<p class=\"wp-block-paragraph\">Les programmes d\u2019enseignement sont align\u00e9s sur le niveau actuel des connaissances dans le domaine, et leurs performances sont r\u00e9guli\u00e8rement surveill\u00e9es par un syst\u00e8me d\u2019indicateurs. Les curricula de la facult\u00e9 refl\u00e8tent les exigences de formation sp\u00e9cialis\u00e9e identifi\u00e9es avec nos partenaires du milieu \u00e9conomique, ainsi que l\u2019\u00e9tat actuel des connaissances scientifiques dans les domaines techniques.<\/p>\n\n\n\n<p class=\"wp-block-paragraph\">Les processus de formation, d\u2019enseignement, d\u2019apprentissage et de tutorat utilisent des ressources num\u00e9riques. Nous mettons en \u0153uvre un apprentissage centr\u00e9 sur l\u2019\u00e9tudiant, interactif, utilisant des m\u00e9thodes innovantes : apprentissage par projet, apprentissage par probl\u00e8me, apprentissage hybride, apprentissage mobile.<\/p>\n\n\n\n<p class=\"wp-block-paragraph\">La formation professionnelle est abord\u00e9e horizontalement par la diversification des cours optionnels et facultatifs dans un nouveau cadre organisationnel.<\/p>\n\n\n\n<p class=\"wp-block-paragraph\">Au moyen d\u2019un processus appel\u00e9 \u00ab Smart Quality \u00bb, et avec l\u2019utilisation de la plateforme d\u2019\u00e9valuation informatis\u00e9e, les retours des \u00e9tudiants concernant la qualit\u00e9 des services \u00e9ducatifs sont collect\u00e9s chaque semestre afin d\u2019am\u00e9liorer les processus didactiques et de recherche au sein de l\u2019universit\u00e9 et d\u2019augmenter la satisfaction des \u00e9tudiants.<\/p>\n\n\n\n<p class=\"wp-block-paragraph\">Chaque d\u00e9partement de la facult\u00e9 dispose d\u2019un e-portfolio acad\u00e9mique qui enregistre et rend visibles les apprentissages des \u00e9tudiants, influen\u00e7ant directement l\u2019attractivit\u00e9 des sp\u00e9cialisations de la facult\u00e9.<\/p>\n\n\n\n<p class=\"wp-block-paragraph\">Les travaux de licence et de dissertation requis \u00e0 la fin des programmes d\u2019\u00e9tudes sont bas\u00e9s sur une recherche appliqu\u00e9e sur des sujets issus de l\u2019environnement \u00e9conomique. Le lien avec l\u2019environnement \u00e9conomique est renforc\u00e9 par les stages des \u00e9tudiants, les formations pratiques ou l\u2019emploi \u00e0 temps partiel.<\/p>\n\n\n\n<p class=\"wp-block-paragraph\">La facult\u00e9 assure une formation avanc\u00e9e des \u00e9tudiants en m\u00e9thodologie de recherche scientifique et fournit un cadre de clubs scientifiques \u00e9tudiants. Les r\u00e9sultats de recherche sont diffus\u00e9s dans la conf\u00e9rence scientifique \u00e9tudiante Innov8ing.<\/p>\n\n\n\n<p class=\"wp-block-paragraph\">Le concept d\u2019interdisciplinarit\u00e9 en ing\u00e9nierie est promu parmi les \u00e9tudiants \u00e0 travers des comp\u00e9titions en \u00e9quipes de hackathon traitant des probl\u00e8mes r\u00e9els du milieu industriel, avec la participation de managers et sp\u00e9cialistes des entreprises concern\u00e9es.<\/p>\n\n\n\n<p class=\"wp-block-paragraph\">\u00ab Recrutement intelligent\u00bb assure le capital humain, visant \u00e0 attirer les meilleurs talents : \u00e9tudiants, enseignants et sp\u00e9cialistes de l\u2019industrie. Les mesures proactives de recrutement des candidats sont men\u00e9es en partenariat avec l\u2019Inspection scolaire du comt\u00e9 de Mure\u0219 \u00e0 travers des activit\u00e9s telles que \u00ab L\u2019\u00e9cole autrement \u00bb, permettant aux candidats potentiels de d\u00e9couvrir les perspectives d\u2019une carri\u00e8re en ing\u00e9nierie avant l\u2019admission \u00e0 l\u2019universit\u00e9.<\/p>\n\n\n\n<p class=\"wp-block-paragraph\">La facult\u00e9 entretient de nombreux contacts avec les employeurs de la r\u00e9gion, ce qui se traduit par un grand nombre d\u2019accords de partenariat pour les stages pratiques, le d\u00e9veloppement des programmes d\u2019\u00e9tudes et des laboratoires avec le soutien d\u2019entreprises telles que Bosch Rexroth, Azomures, Hirschmann.<\/p>\n\n\n\n<p class=\"wp-block-paragraph translation-block\">La communication avec les entreprises est facilit\u00e9e par la plateforme u2b.umfst.ro, cadre en ligne soutenant l\u2019acc\u00e8s centralis\u00e9 et structur\u00e9 aux informations relatives \u00e0 la collaboration entre l\u2019universit\u00e9 et le milieu \u00e9conomique.<\/p>\n\n\n\n<p class=\"wp-block-paragraph\">La facult\u00e9 organise des \u00e9v\u00e9nements tels que \u00ab La semaine des employeurs \u00e0 l\u2019universit\u00e9 \u00bb et des rencontres hebdomadaires comme \u00ab Heures d\u2019entreprise \u00bb, o\u00f9 les agents \u00e9conomiques pr\u00e9sentent des probl\u00e9matiques techniques actuelles et facilitent l\u2019int\u00e9gration directe des \u00e9tudiants dans l\u2019industrie.<\/p>\n\n\n\n<p class=\"wp-block-paragraph\">Le centre de micro-production, enti\u00e8rement \u00e9quip\u00e9 de machines industrielles et d\u2019imprimantes 3D, pr\u00e9pare les \u00e9tudiants \u00e0 l\u2019activit\u00e9 industrielle en produisant des prototypes industriels.<\/p>\n\n\n\n<p class=\"wp-block-paragraph\">Les \u00e9tudiants en ing\u00e9nierie peuvent rejoindre la ligue \u00e9tudiante ESTIEM, une organisation ind\u00e9pendante \u00e0 laquelle ils peuvent adh\u00e9rer librement. Les activit\u00e9s de b\u00e9n\u00e9volat sont encourag\u00e9es par le programme \u00ab Faites du b\u00e9n\u00e9volat au profit de l\u2019Universit\u00e9\u00bb.<\/p>\n\n\n\n<p class=\"wp-block-paragraph\">Les \u00e9tudiants peuvent postuler \u00e0 des programmes de mobilit\u00e9 sortante Erasmus+ financ\u00e9s par l\u2019universit\u00e9, pour une dur\u00e9e d\u2019un semestre, dans des universit\u00e9s partenaires \u00e0 travers l\u2019Europe.<\/p>\n\n\n\n<p class=\"wp-block-paragraph\">Le personnel enseignant participe p\u00e9riodiquement \u00e0 des formations organis\u00e9es par des universit\u00e9s \u00e9trang\u00e8res afin de rester \u00e0 jour avec les derni\u00e8res connaissances techniques. Des sp\u00e9cialistes reconnus au niveau national et international sont r\u00e9guli\u00e8rement invit\u00e9s pour enseigner.<\/p>\n\n\n\n<p class=\"wp-block-paragraph\">Les laboratoires d\u2019enseignement et de recherche sont \u00e9quip\u00e9s d\u2019\u00e9quipements p\u00e9dagogiques et scientifiques num\u00e9ris\u00e9s. Les laboratoires Industry 4.0 et Intelligent Manufacturing sont con\u00e7us pour illustrer les concepts de syst\u00e8mes cyber-physiques, de l\u2019Internet des objets et de l\u2019Internet des syst\u00e8mes. Ils jouent un r\u00f4le pionnier dans la pr\u00e9paration des \u00e9tudiants destin\u00e9s \u00e0 travailler dans des entreprises innovantes et \u00e0 se former \u00e0 un nouveau paradigme de collaboration entre l\u2019humain et la machine : Industry 5.0 et les technologies exponentielles.<\/p>\n\n\n\n<p class=\"wp-block-paragraph\">Les laboratoires et salles de cours forment un \u00ab campus intelligent \u00bb modernis\u00e9 avec des \u00e9l\u00e9ments de construction \u00e9cologique (\u00ab green building \u00bb). Des \u00e9v\u00e9nements li\u00e9s \u00e0 la protection de l\u2019environnement et \u00e0 la durabilit\u00e9 sont fr\u00e9quemment organis\u00e9s en collaboration avec des agences et partenaires \u00e9conomiques concern\u00e9s.<\/p>\n\n\n\n<p class=\"wp-block-paragraph\">L\u2019activit\u00e9 de recherche scientifique au sein de la facult\u00e9 est men\u00e9e \u00e0 travers trois centres de recherche : le Centre de recherche avanc\u00e9e en technologies de l\u2019information, le Centre de recherche biom\u00e9dicale interdisciplinaire et le Centre de recherche en ing\u00e9nierie de la qualit\u00e9 et fabrication num\u00e9rique. La strat\u00e9gie et les th\u00e9matiques de recherche sont align\u00e9es sur la strat\u00e9gie nationale de recherche et sur les priorit\u00e9s du programme europ\u00e9en Horizon 2020.<\/p>\n\n\n\n<p class=\"wp-block-paragraph\">La revue scientifique de la facult\u00e9, \u00ab Acta Marisiensis \u2013 Seria Technologica \u00bb, est publi\u00e9e par DeGruyter \u2013 Sciendo et est index\u00e9e dans de nombreuses bases de donn\u00e9es pertinentes, notamment Ebsco, Index Copernicus, ProQuest Engineering Journals, ProQuest Illustrata: Technology, ProQuest SciTech Journals, ProQuest Technology Journals, DRJI, DOAJ, Ulrich\u2019s Periodicals Directory, et autres.<\/p>\n\n\n\n<p class=\"wp-block-paragraph\">Depuis 2003, la conf\u00e9rence internationale \u00ab Interdisciplinarity in Engineering INTER-ENG \u00bb est organis\u00e9e chaque ann\u00e9e dans la premi\u00e8re d\u00e9cennie d\u2019octobre, en partenariat avec des institutions prestigieuses telles que l\u2019Acad\u00e9mie des sciences techniques de Roumanie, McMaster University, Zagazig University, avec le soutien continu du Conseil du comt\u00e9 de Mure\u0219 et du Conseil local de T\u00e2rgu Mure\u0219. Les actes de la conf\u00e9rence sont publi\u00e9s par des \u00e9diteurs internationaux renomm\u00e9s tels que Scopus, Springer et MDPI, et sont index\u00e9s dans les bases de donn\u00e9es les plus repr\u00e9sentatives, y compris Clarivate Analytics et Scopus.<\/p>\n\n\n\n<p class=\"wp-block-paragraph\">\u00c0 travers des initiatives qui encouragent des mod\u00e8les d\u2019enseignement innovants, l\u2019attraction des jeunes talents vers la vie acad\u00e9mique et la stimulation de l\u2019excellence en recherche, la FACULT\u00c9 D\u2019ING\u00c9NIERIE ET DE TECHNOLOGIE DE L\u2019INFORMATION s\u2019engage \u00e0 atteindre l\u2019excellence dans toutes ses activit\u00e9s.<\/p>\n\t\t\t\t\t\t\t\t<\/div>\n\t\t\t\t<\/div>\n\t\t\t\t\t<\/div>\n\t\t<\/div>\n\t\t\t\t\t<\/div>\n\t\t<\/section>\n\t\t\t\t<\/div>","protected":false},"excerpt":{"rendered":"<p>SCURT ISTORIC, PREZENTARE \u0218I PERSPECTIVE Tradi\u021bia \u00eenv\u0103\u021b\u0103m\u00e2ntului superior tehnic dateaz\u0103 la T\u00e2rgu Mure\u0219 din anul 1976, c\u00e2nd Institutul de \u00cenv\u0103\u021b\u0103m\u00e2nt Superior s-a profilat pe preg\u0103tirea speciali\u0219tilor din domeniul tehnic, \u00een trei specializ\u0103ri. Ulterior acesta s-a transformat \u00een Universitatea Tehnic\u0103 func\u021bion\u00e2nd cu patru sec\u021bii de ingineri \u00een profil mecanic \u0219i electric. Pe aceast\u0103 structur\u0103, genera\u021bii de [&hellip;]<\/p>\n","protected":false},"author":4,"featured_media":0,"parent":22,"menu_order":0,"comment_status":"closed","ping_status":"closed","template":"","meta":{"_relevanssi_hide_post":"","_relevanssi_hide_content":"","_relevanssi_pin_for_all":"","_relevanssi_pin_keywords":"","_relevanssi_unpin_keywords":"","_relevanssi_related_keywords":"","_relevanssi_related_include_ids":"","_relevanssi_related_exclude_ids":"","_relevanssi_related_no_append":"","_relevanssi_related_not_related":"","_relevanssi_related_posts":"1","_relevanssi_noindex_reason":"","footnotes":""},"categories":[13],"tags":[],"class_list":["post-25","page","type-page","status-publish","hentry","category-pagina-cu-sidebar"],"meta_box":[],"_links":{"self":[{"href":"https:\/\/umfst.ro\/inginerie\/fr\/wp-json\/wp\/v2\/pages\/25","targetHints":{"allow":["GET"]}}],"collection":[{"href":"https:\/\/umfst.ro\/inginerie\/fr\/wp-json\/wp\/v2\/pages"}],"about":[{"href":"https:\/\/umfst.ro\/inginerie\/fr\/wp-json\/wp\/v2\/types\/page"}],"author":[{"embeddable":true,"href":"https:\/\/umfst.ro\/inginerie\/fr\/wp-json\/wp\/v2\/users\/4"}],"replies":[{"embeddable":true,"href":"https:\/\/umfst.ro\/inginerie\/fr\/wp-json\/wp\/v2\/comments?post=25"}],"version-history":[{"count":0,"href":"https:\/\/umfst.ro\/inginerie\/fr\/wp-json\/wp\/v2\/pages\/25\/revisions"}],"up":[{"embeddable":true,"href":"https:\/\/umfst.ro\/inginerie\/fr\/wp-json\/wp\/v2\/pages\/22"}],"wp:attachment":[{"href":"https:\/\/umfst.ro\/inginerie\/fr\/wp-json\/wp\/v2\/media?parent=25"}],"wp:term":[{"taxonomy":"category","embeddable":true,"href":"https:\/\/umfst.ro\/inginerie\/fr\/wp-json\/wp\/v2\/categories?post=25"},{"taxonomy":"post_tag","embeddable":true,"href":"https:\/\/umfst.ro\/inginerie\/fr\/wp-json\/wp\/v2\/tags?post=25"}],"curies":[{"name":"wp","href":"https:\/\/api.w.org\/{rel}","templated":true}]}}